{"id":987497946,"date":"2025-03-02T22:26:23","date_gmt":"2025-03-02T22:26:23","guid":{"rendered":"https:\/\/ab-ba.com.pl\/?page_id=987497946"},"modified":"2025-04-05T16:35:11","modified_gmt":"2025-04-05T16:35:11","slug":"plyta-cd-zyvoje-slowa-piosenki-do-klasy-7-szkoly-podstawowej","status":"publish","type":"page","link":"https:\/\/ab-ba.com.pl\/index.php\/realizowane-projekty\/zadania-dofinansowane-z-dotacji-ministra-spraw-wewnetrznych-i-administracji\/plyta-cd-zyvoje-slowa-piosenki-do-klasy-7-szkoly-podstawowej\/","title":{"rendered":"P\u0142yta CD \u201e\u017byvoje s\u0142owa\u201d Piosenki do klasy 7 szko\u0142y podstawowej"},"content":{"rendered":"<p>[et_pb_section fb_built=&#8221;1&#8243; fullwidth=&#8221;on&#8221; _builder_version=&#8221;4.27.4&#8243; _module_preset=&#8221;default&#8221; global_colors_info=&#8221;{}&#8221;][et_pb_fullwidth_image src=&#8221;https:\/\/ab-ba.com.pl\/wp-content\/uploads\/2025\/03\/projekty.jpg&#8221; _builder_version=&#8221;4.27.4&#8243; _module_preset=&#8221;default&#8221; global_colors_info=&#8221;{}&#8221;][\/et_pb_fullwidth_image][\/et_pb_section][et_pb_section fb_built=&#8221;1&#8243; _builder_version=&#8221;4.27.4&#8243; _module_preset=&#8221;default&#8221; global_colors_info=&#8221;{}&#8221;][et_pb_row column_structure=&#8221;2_5,3_5&#8243; _builder_version=&#8221;4.27.4&#8243; _module_preset=&#8221;default&#8221; global_colors_info=&#8221;{}&#8221;][et_pb_column type=&#8221;2_5&#8243; _builder_version=&#8221;4.27.4&#8243; _module_preset=&#8221;default&#8221; global_colors_info=&#8221;{}&#8221;][et_pb_image src=&#8221;https:\/\/ab-ba.com.pl\/wp-content\/uploads\/2025\/03\/okladka-zyvoje-slova-1-295&#215;300.png&#8221; title_text=&#8221;okladka zyvoje slova&#8221; url=&#8221;https:\/\/drive.google.com\/drive\/folders\/1ZkHiKMyx_xdFY6Dw1lLqTJMSy0NT-4eq&#8221; url_new_window=&#8221;on&#8221; _builder_version=&#8221;4.27.4&#8243; _module_preset=&#8221;default&#8221; global_colors_info=&#8221;{}&#8221;][\/et_pb_image][et_pb_text admin_label=&#8221;Tekst&#8221; _builder_version=&#8221;4.27.4&#8243; _module_preset=&#8221;default&#8221; global_colors_info=&#8221;{}&#8221;]<\/p>\n<p><a href=\"https:\/\/drive.google.com\/drive\/folders\/1ZkHiKMyx_xdFY6Dw1lLqTJMSy0NT-4eq\">Pliki do pobrania<\/a><\/p>\n<p>[\/et_pb_text][\/et_pb_column][et_pb_column type=&#8221;3_5&#8243; _builder_version=&#8221;4.27.4&#8243; _module_preset=&#8221;default&#8221; global_colors_info=&#8221;{}&#8221;][et_pb_text _builder_version=&#8221;4.27.4&#8243; _module_preset=&#8221;default&#8221; hover_enabled=&#8221;0&#8243; global_colors_info=&#8221;{}&#8221; sticky_enabled=&#8221;0&#8243;]<\/p>\n<h1 style=\"font-weight: 400; text-align: center;\"><strong>P\u0142yta CD \u201e\u017byvoje s\u0142owa\u201d. Piosenki do klasy 7 szko\u0142y podstawowej <\/strong><\/h1>\n<p>&nbsp;<\/p>\n<p style=\"font-weight: 400; text-align: justify;\">Wydawanie p\u0142yt z piosenkami w j\u0119zyku bia\u0142oruskim zwi\u0119ksza dost\u0119pno\u015b\u0107 repertuaru w j\u0119zyku mniejszo\u015bci bia\u0142oruskim. Jest to dzia\u0142anie uzupe\u0142niaj\u0105ce wzgl\u0119dem wydawania materia\u0142\u00f3w edukacyjnych dla uczni\u00f3w poszczeg\u00f3lnych stopni. W realizacji zadania bior\u0105 udzia\u0142 profesjonali\u015bci w zakresie przygotowywania nagra\u0144 studyjnych, treningu wokalnego, poprawno\u015bci j\u0119zykowej, przygotowania publikacji do jej wydania, pochodz\u0105cy ze \u015brodowiska mniejszo\u015bci bia\u0142oruskiej oraz uczniowie ucz\u0119szczaj\u0105cy na zaj\u0119cia j\u0119zyka bia\u0142oruskiego, kt\u00f3rzy przejawiaj\u0105 zdolno\u015bci wokalne czy muzyczne. Wydanie p\u0142yty zwi\u0119ksza zasoby materia\u0142\u00f3w dydaktycznych i wprowadza do obiegu edukacyjno-artystycznego starannie dobrany do mo\u017cliwo\u015bci wiekowych uczni\u00f3w repertuar. Przygotowanie uczni\u00f3w do nagra\u0144 na p\u0142ycie wp\u0142ywa na popraw\u0119 ich umiej\u0119tno\u015bci j\u0119zykowych i wokalnych, zwi\u0119ksza kontakt z j\u0119zykiem oraz wzmacnia to\u017csamo\u015b\u0107 poprzez \u015bwiadomo\u015b\u0107 wsp\u00f3\u0142tworzenia przez dzieci i m\u0142odzie\u017c wytwor\u00f3w kultury o charakterze trwa\u0142ym, do wykorzystania przez r\u00f3wie\u015bnik\u00f3w, jaki i bliskich oraz cz\u0142onk\u00f3w mniejszo\u015bci bia\u0142oruskiej.<\/p>\n<p>[\/et_pb_text][\/et_pb_column][\/et_pb_row][et_pb_row column_structure=&#8221;1_3,1_3,1_3&#8243; _builder_version=&#8221;4.27.4&#8243; _module_preset=&#8221;default&#8221; global_colors_info=&#8221;{}&#8221;][et_pb_column type=&#8221;1_3&#8243; _builder_version=&#8221;4.27.4&#8243; _module_preset=&#8221;default&#8221; global_colors_info=&#8221;{}&#8221;][et_pb_audio audio=&#8221;https:\/\/ab-ba.com.pl\/wp-content\/uploads\/2025\/03\/01-Bitva-pad-Vorsaj.mp3&#8243; title=&#8221;01. Bitva pad Vorsaj&#8221; album_name=&#8221;\u017byvoje s\u0142owa&#8221; _builder_version=&#8221;4.27.4&#8243; _module_preset=&#8221;default&#8221; global_colors_info=&#8221;{}&#8221;][\/et_pb_audio][et_pb_audio audio=&#8221;https:\/\/ab-ba.com.pl\/wp-content\/uploads\/2025\/03\/02-Bitva-pad-Vorsaj-minusouka.mp3&#8243; title=&#8221;02. Bitva pad Vorsaj minusouka&#8221; album_name=&#8221;\u017bwoje s\u0142owa&#8221; _builder_version=&#8221;4.27.4&#8243; _module_preset=&#8221;default&#8221; global_colors_info=&#8221;{}&#8221;][\/et_pb_audio][et_pb_audio audio=&#8221;https:\/\/ab-ba.com.pl\/wp-content\/uploads\/2025\/03\/03-Ty-mnie-sionnia-listou-pazaucielych.mp3&#8243; title=&#8221;03. Ty mnie sionnia listou pazaucielych&#8221; album_name=&#8221;\u017bwoje s\u0142owa&#8221; _builder_version=&#8221;4.27.4&#8243; _module_preset=&#8221;default&#8221; global_colors_info=&#8221;{}&#8221;][\/et_pb_audio][et_pb_audio audio=&#8221;https:\/\/ab-ba.com.pl\/wp-content\/uploads\/2025\/03\/04-Ty-mnie-sionnia-listou-pazaucielych-minusouka.mp3&#8243; title=&#8221;04. Ty mnie sionnia listou pazaucielych minusouka&#8221; album_name=&#8221;\u017bwoje s\u0142owa&#8221; _builder_version=&#8221;4.27.4&#8243; _module_preset=&#8221;default&#8221; global_colors_info=&#8221;{}&#8221;][\/et_pb_audio][et_pb_audio audio=&#8221;https:\/\/ab-ba.com.pl\/wp-content\/uploads\/2025\/03\/05-Kali-iduc-na-abardaz.mp3&#8243; title=&#8221;05. Kali iduc na abardaz&#8221; album_name=&#8221;\u017bwoje s\u0142owa&#8221; _builder_version=&#8221;4.27.4&#8243; _module_preset=&#8221;default&#8221; global_colors_info=&#8221;{}&#8221;][\/et_pb_audio][et_pb_audio audio=&#8221;https:\/\/ab-ba.com.pl\/wp-content\/uploads\/2025\/03\/06-Kali-iduc-na-abardaz-minusouka.mp3&#8243; title=&#8221;06. Kali iduc na abardaz minusouka&#8221; album_name=&#8221;\u017bwoje s\u0142owa&#8221; _builder_version=&#8221;4.27.4&#8243; _module_preset=&#8221;default&#8221; global_colors_info=&#8221;{}&#8221;][\/et_pb_audio][et_pb_audio audio=&#8221;https:\/\/ab-ba.com.pl\/wp-content\/uploads\/2025\/03\/07-Kaladka-dla-kalarovaha-boha.mp3&#8243; title=&#8221;07. Kaladka dla kalarovaha boha&#8221; album_name=&#8221;\u017bwoje s\u0142owa&#8221; _builder_version=&#8221;4.27.4&#8243; _module_preset=&#8221;default&#8221; global_colors_info=&#8221;{}&#8221;][\/et_pb_audio][\/et_pb_column][et_pb_column type=&#8221;1_3&#8243; _builder_version=&#8221;4.27.4&#8243; _module_preset=&#8221;default&#8221; global_colors_info=&#8221;{}&#8221;][et_pb_audio audio=&#8221;https:\/\/ab-ba.com.pl\/wp-content\/uploads\/2025\/03\/08-Kaladka-dla-kalarovaha-boha-minusouka.mp3&#8243; title=&#8221;08. Kaladka dla kalarovaha boha minusouka&#8221; album_name=&#8221;\u017bwoje s\u0142owa&#8221; _builder_version=&#8221;4.27.4&#8243; _module_preset=&#8221;default&#8221; global_colors_info=&#8221;{}&#8221;][\/et_pb_audio][et_pb_audio audio=&#8221;https:\/\/ab-ba.com.pl\/wp-content\/uploads\/2025\/03\/09-Cuzy.mp3&#8243; title=&#8221;09. Cuzy&#8221; album_name=&#8221;\u017bwoje s\u0142owa&#8221; _builder_version=&#8221;4.27.4&#8243; _module_preset=&#8221;default&#8221; global_colors_info=&#8221;{}&#8221;][\/et_pb_audio][et_pb_audio audio=&#8221;https:\/\/ab-ba.com.pl\/wp-content\/uploads\/2025\/03\/10-Cuzy-minusouka.mp3&#8243; title=&#8221;10. Cuzy minusouka&#8221; album_name=&#8221;\u017bwoje s\u0142owa&#8221; _builder_version=&#8221;4.27.4&#8243; _module_preset=&#8221;default&#8221; global_colors_info=&#8221;{}&#8221;][\/et_pb_audio][et_pb_audio audio=&#8221;https:\/\/ab-ba.com.pl\/wp-content\/uploads\/2025\/03\/11-Kazka.mp3&#8243; title=&#8221;11. Kazka&#8221; album_name=&#8221;\u017bwoje s\u0142owa&#8221; _builder_version=&#8221;4.27.4&#8243; _module_preset=&#8221;default&#8221; global_colors_info=&#8221;{}&#8221;][\/et_pb_audio][et_pb_audio audio=&#8221;https:\/\/ab-ba.com.pl\/wp-content\/uploads\/2025\/03\/12-Kazka-minusouka.mp3&#8243; title=&#8221;12. Kazka minusouka&#8221; album_name=&#8221;\u017bwoje s\u0142owa&#8221; _builder_version=&#8221;4.27.4&#8243; _module_preset=&#8221;default&#8221; global_colors_info=&#8221;{}&#8221;][\/et_pb_audio][et_pb_audio audio=&#8221;https:\/\/ab-ba.com.pl\/wp-content\/uploads\/2025\/03\/13-Heta-my.mp3&#8243; title=&#8221;13. Heta my&#8221; album_name=&#8221;\u017bwoje s\u0142owa&#8221; _builder_version=&#8221;4.27.4&#8243; _module_preset=&#8221;default&#8221; global_colors_info=&#8221;{}&#8221;][\/et_pb_audio][et_pb_audio audio=&#8221;https:\/\/ab-ba.com.pl\/wp-content\/uploads\/2025\/03\/14-Heta-my-minusouka.mp3&#8243; title=&#8221;14. Heta my minusouka&#8221; album_name=&#8221;\u017bwoje s\u0142owa&#8221; _builder_version=&#8221;4.27.4&#8243; _module_preset=&#8221;default&#8221; global_colors_info=&#8221;{}&#8221;][\/et_pb_audio][\/et_pb_column][et_pb_column type=&#8221;1_3&#8243; _builder_version=&#8221;4.27.4&#8243; _module_preset=&#8221;default&#8221; global_colors_info=&#8221;{}&#8221;][et_pb_audio audio=&#8221;https:\/\/ab-ba.com.pl\/wp-content\/uploads\/2025\/03\/15-Sviata-u-vioscy.mp3&#8243; title=&#8221;15. Sviata u vioscy&#8221; album_name=&#8221;\u017bwoje s\u0142owa&#8221; _builder_version=&#8221;4.27.4&#8243; _module_preset=&#8221;default&#8221; global_colors_info=&#8221;{}&#8221;][\/et_pb_audio][et_pb_audio audio=&#8221;https:\/\/ab-ba.com.pl\/wp-content\/uploads\/2025\/03\/16-Sviata-u-vioscy-minusouka.mp3&#8243; title=&#8221;16. Sviata u vioscy minusouka&#8221; album_name=&#8221;\u017bwoje s\u0142owa&#8221; _builder_version=&#8221;4.27.4&#8243; _module_preset=&#8221;default&#8221; global_colors_info=&#8221;{}&#8221;][\/et_pb_audio][et_pb_audio audio=&#8221;https:\/\/ab-ba.com.pl\/wp-content\/uploads\/2025\/03\/17-Stary-balsak.mp3&#8243; title=&#8221;17. Stary balsak&#8221; album_name=&#8221;\u017bwoje s\u0142owa&#8221; _builder_version=&#8221;4.27.4&#8243; _module_preset=&#8221;default&#8221; global_colors_info=&#8221;{}&#8221;][\/et_pb_audio][et_pb_audio audio=&#8221;https:\/\/ab-ba.com.pl\/wp-content\/uploads\/2025\/03\/18-Stary-balsak-minusouka.mp3&#8243; title=&#8221;18. Stary balsak minusouka&#8221; album_name=&#8221;\u017bwoje s\u0142owa&#8221; _builder_version=&#8221;4.27.4&#8243; _module_preset=&#8221;default&#8221; global_colors_info=&#8221;{}&#8221;][\/et_pb_audio][et_pb_audio audio=&#8221;https:\/\/ab-ba.com.pl\/wp-content\/uploads\/2025\/03\/19-Dychajem-znou.mp3&#8243; title=&#8221;19. Dychajem znou&#8221; album_name=&#8221;\u017bwoje s\u0142owa&#8221; _builder_version=&#8221;4.27.4&#8243; _module_preset=&#8221;default&#8221; global_colors_info=&#8221;{}&#8221;][\/et_pb_audio][et_pb_audio audio=&#8221;https:\/\/ab-ba.com.pl\/wp-content\/uploads\/2025\/03\/20-Dychajem-znou-minusouka.mp3&#8243; title=&#8221;20. Dychajem znou minusouka&#8221; album_name=&#8221;\u017bwoje s\u0142owa&#8221; _builder_version=&#8221;4.27.4&#8243; _module_preset=&#8221;default&#8221; global_colors_info=&#8221;{}&#8221;][\/et_pb_audio][\/et_pb_column][\/et_pb_row][\/et_pb_section]<\/p>\n","protected":false},"excerpt":{"rendered":"<p>Pliki do pobraniaP\u0142yta CD \u201e\u017byvoje s\u0142owa\u201d. Piosenki do klasy 7 szko\u0142y podstawowej &nbsp; Wydawanie p\u0142yt z piosenkami w j\u0119zyku bia\u0142oruskim zwi\u0119ksza dost\u0119pno\u015b\u0107 repertuaru w j\u0119zyku mniejszo\u015bci bia\u0142oruskim. Jest to dzia\u0142anie uzupe\u0142niaj\u0105ce wzgl\u0119dem wydawania materia\u0142\u00f3w edukacyjnych dla uczni\u00f3w poszczeg\u00f3lnych stopni. W realizacji zadania bior\u0105 udzia\u0142 profesjonali\u015bci w zakresie przygotowywania nagra\u0144 studyjnych, treningu wokalnego, poprawno\u015bci j\u0119zykowej, przygotowania [&hellip;]<\/p>\n","protected":false},"author":1,"featured_media":0,"parent":987497924,"menu_order":0,"comment_status":"closed","ping_status":"closed","template":"","meta":{"_et_pb_use_builder":"on","_et_pb_old_content":"","_et_gb_content_width":"","footnotes":""},"class_list":["post-987497946","page","type-page","status-publish","hentry"],"aioseo_notices":[],"_links":{"self":[{"href":"https:\/\/ab-ba.com.pl\/index.php\/wp-json\/wp\/v2\/pages\/987497946","targetHints":{"allow":["GET"]}}],"collection":[{"href":"https:\/\/ab-ba.com.pl\/index.php\/wp-json\/wp\/v2\/pages"}],"about":[{"href":"https:\/\/ab-ba.com.pl\/index.php\/wp-json\/wp\/v2\/types\/page"}],"author":[{"embeddable":true,"href":"https:\/\/ab-ba.com.pl\/index.php\/wp-json\/wp\/v2\/users\/1"}],"replies":[{"embeddable":true,"href":"https:\/\/ab-ba.com.pl\/index.php\/wp-json\/wp\/v2\/comments?post=987497946"}],"version-history":[{"count":12,"href":"https:\/\/ab-ba.com.pl\/index.php\/wp-json\/wp\/v2\/pages\/987497946\/revisions"}],"predecessor-version":[{"id":987498579,"href":"https:\/\/ab-ba.com.pl\/index.php\/wp-json\/wp\/v2\/pages\/987497946\/revisions\/987498579"}],"up":[{"embeddable":true,"href":"https:\/\/ab-ba.com.pl\/index.php\/wp-json\/wp\/v2\/pages\/987497924"}],"wp:attachment":[{"href":"https:\/\/ab-ba.com.pl\/index.php\/wp-json\/wp\/v2\/media?parent=987497946"}],"curies":[{"name":"wp","href":"https:\/\/api.w.org\/{rel}","templated":true}]}}